{"id":57,"date":"2020-02-22T13:46:20","date_gmt":"2020-02-22T13:46:20","guid":{"rendered":"https:\/\/kgv-rheydt-guedderath.de\/wordpress\/wordpress\/?page_id=57"},"modified":"2020-04-27T16:35:22","modified_gmt":"2020-04-27T16:35:22","slug":"datenschutz","status":"publish","type":"page","link":"https:\/\/kgv-rheydt-guedderath.de\/wordpress\/index.php\/datenschutz\/","title":{"rendered":"Datenschutz"},"content":{"rendered":"\t\t<div data-elementor-type=\"wp-page\" data-elementor-id=\"57\" class=\"elementor elementor-57\">\n\t\t\t\t\t\t<section class=\"elementor-section elementor-top-section elementor-element elementor-element-83ecdad elementor-section-boxed elementor-section-height-default elementor-section-height-default\" data-id=\"83ecdad\" data-element_type=\"section\" data-e-type=\"section\">\n\t\t\t\t\t\t<div class=\"elementor-container elementor-column-gap-default\">\n\t\t\t\t\t<div class=\"elementor-column elementor-col-16 elementor-top-column elementor-element elementor-element-1e1c892\" data-id=\"1e1c892\" data-element_type=\"column\" data-e-type=\"column\">\n\t\t\t<div class=\"elementor-widget-wrap\">\n\t\t\t\t\t\t\t<\/div>\n\t\t<\/div>\n\t\t\t\t<div class=\"elementor-column elementor-col-66 elementor-top-column elementor-element elementor-element-a758104\" data-id=\"a758104\" data-element_type=\"column\" data-e-type=\"column\">\n\t\t\t<div class=\"elementor-widget-wrap elementor-element-populated\">\n\t\t\t\t\t\t<div class=\"elementor-element elementor-element-9225127 elementor-widget elementor-widget-text-editor\" data-id=\"9225127\" data-element_type=\"widget\" data-e-type=\"widget\" data-widget_type=\"text-editor.default\">\n\t\t\t\t<div class=\"elementor-widget-container\">\n\t\t\t\t\t\t\t\t\t<h1><span style=\"color: #575752;\">Datenschutz<\/span><\/h1>\t\t\t\t\t\t\t\t<\/div>\n\t\t\t\t<\/div>\n\t\t\t\t\t<\/div>\n\t\t<\/div>\n\t\t\t\t<div class=\"elementor-column elementor-col-16 elementor-top-column elementor-element elementor-element-b810d42\" data-id=\"b810d42\" data-element_type=\"column\" data-e-type=\"column\">\n\t\t\t<div class=\"elementor-widget-wrap\">\n\t\t\t\t\t\t\t<\/div>\n\t\t<\/div>\n\t\t\t\t\t<\/div>\n\t\t<\/section>\n\t\t\t\t<section class=\"elementor-section elementor-top-section elementor-element elementor-element-4a98a0c elementor-section-boxed elementor-section-height-default elementor-section-height-default\" data-id=\"4a98a0c\" data-element_type=\"section\" data-e-type=\"section\">\n\t\t\t\t\t\t<div class=\"elementor-container elementor-column-gap-default\">\n\t\t\t\t\t<div class=\"elementor-column elementor-col-16 elementor-top-column elementor-element elementor-element-2aee05e\" data-id=\"2aee05e\" data-element_type=\"column\" data-e-type=\"column\">\n\t\t\t<div class=\"elementor-widget-wrap\">\n\t\t\t\t\t\t\t<\/div>\n\t\t<\/div>\n\t\t\t\t<div class=\"elementor-column elementor-col-66 elementor-top-column elementor-element elementor-element-050c9a7\" data-id=\"050c9a7\" data-element_type=\"column\" data-e-type=\"column\">\n\t\t\t<div class=\"elementor-widget-wrap elementor-element-populated\">\n\t\t\t\t\t\t<div class=\"elementor-element elementor-element-f1d66bf elementor-widget elementor-widget-text-editor\" data-id=\"f1d66bf\" data-element_type=\"widget\" data-e-type=\"widget\" data-widget_type=\"text-editor.default\">\n\t\t\t\t<div class=\"elementor-widget-container\">\n\t\t\t\t\t\t\t\t\t<p><span style=\"font-family: arial, helvetica, sans-serif; font-size: 20px; color: #575752;\">Datenschutzerkl\u00e4rung.<\/span><br \/><span style=\"color: #575752; font-family: arial, helvetica, sans-serif; font-size: 16px;\">Verantwortliche Stelle im Sinne der Datenschutzgesetze, insbesondere der EU-Datenschutzgrundverordnung (DSGVO), ist:<\/span><\/p><p><span style=\"color: #575752; font-family: arial, helvetica, sans-serif; font-size: 16px;\">Kleing\u00e4rtnerverein Rheydt-G\u00fcdderath e.V.<\/span><br \/><span style=\"color: #575752; font-family: arial, helvetica, sans-serif; font-size: 16px;\">Konnental 5<\/span><br \/><span style=\"color: #575752; font-family: arial, helvetica, sans-serif; font-size: 16px;\">41199 M\u00f6nchengladbach<\/span><br \/><span style=\"color: #575752; font-family: arial, helvetica, sans-serif; font-size: 16px;\">Tel.: 02166 681773<\/span><br \/><span style=\"color: #000000; font-family: arial, helvetica, sans-serif; font-size: 16px;\"><span style=\"color: #575752;\">E-Mail:<\/span><span style=\"color: #0000ff;\"> info@kgv-rheydt-guedderath.de<\/span><\/span><\/p><p><span style=\"color: #575752; font-family: arial, helvetica, sans-serif; font-size: 16px;\">Verantwortliche Stelle ist die nat\u00fcrliche oder juristische Person, die allein oder gemeinsam mit anderen \u00fcber die Zwecke und Mittel der Verarbeitung von personenbezogenen Daten (z.B. Namen, E-Mail-Adressen o. \u00c4.) entscheidet.<\/span><\/p><p><span style=\"color: #575752; font-family: arial, helvetica, sans-serif; font-size: 20px;\">Ihre Betroffenenrechte.<\/span><br \/><span style=\"color: #575752; font-family: arial, helvetica, sans-serif; font-size: 16px;\">Unter den angegebenen Kontaktdaten unseres Datenschutzbeauftragten k\u00f6nnen Sie jederzeit folgende Rechte aus\u00fcben:<\/span><\/p><p style=\"padding-left: 40px;\"><span style=\"color: #575752; font-family: arial, helvetica, sans-serif; font-size: 16px;\">Auskunft \u00fcber Ihre bei uns gespeicherten Daten und deren Verarbeitung, <\/span><br \/><span style=\"color: #575752; font-family: arial, helvetica, sans-serif; font-size: 16px;\">Berichtigung unrichtiger personenbezogener Daten, <\/span><br \/><span style=\"color: #575752; font-family: arial, helvetica, sans-serif; font-size: 16px;\">L\u00f6schung Ihrer bei uns gespeicherten Daten, <\/span><br \/><span style=\"color: #575752; font-family: arial, helvetica, sans-serif; font-size: 16px;\">Einschr\u00e4nkung der Datenverarbeitung, sofern wir Ihre Daten aufgrund gesetzlicher Pflichten noch nicht l\u00f6schen d\u00fcrfen, <\/span><br \/><span style=\"color: #575752; font-family: arial, helvetica, sans-serif; font-size: 16px;\">Widerspruch gegen die Verarbeitung Ihrer Daten bei uns und Daten\u00fcbertragbarkeit, sofern Sie in die Datenverarbeitung\u00a0 eingewilligt haben oder einen Vertrag mit uns abgeschlossen haben.<\/span><\/p><p style=\"text-align: justify;\"><span style=\"color: #575752; font-family: arial, helvetica, sans-serif; font-size: 16px;\">Sofern Sie uns eine Einwilligung erteilt haben, k\u00f6nnen Sie diese jederzeit mit Wirkung f\u00fcr die Zukunft widerrufen.<\/span><br \/><span style=\"color: #000000; font-family: arial, helvetica, sans-serif; font-size: 16px;\"><span style=\"color: #575752;\">Sie k\u00f6nnen sich jederzeit mit einer Beschwerde an die f\u00fcr Sie zust\u00e4ndige Aufsichtsbeh\u00f6rde wenden. Ihre zust\u00e4ndige Aufsichtsbeh\u00f6rde richtet sich nach dem Bundesland Ihres Wohnsitzes, Ihrer Arbeit oder der mutma\u00dflichen Verletzung. Eine Liste der Aufsichtsbeh\u00f6rden (f\u00fcr den nicht\u00f6ffentlichen Bereich) mit Anschrift finden Sie unter:<\/span> <br \/><a style=\"color: #000000;\" href=\"https:\/\/www.bfdi.bund.de\/DE\/Infothek\/Anschriften_Links\/anschriften_links-node.html\"><span style=\"color: #0000ff;\">https:\/\/www.bfdi.bund.de\/DE\/Infothek\/Anschriften_Links\/anschriften_links-node.html<\/span><\/a><span style=\"color: #0000ff;\">.<\/span><\/span><\/p><p style=\"text-align: justify;\"><span style=\"color: #575752; font-family: arial, helvetica, sans-serif; font-size: 20px;\">Zwecke der Datenverarbeitung durch die verantwortliche Stelle und Dritte.<\/span><br \/><span style=\"color: #575752; font-family: arial, helvetica, sans-serif; font-size: 16px;\">Wir verarbeiten Ihre personenbezogenen Daten nur zu den in dieser Datenschutzerkl\u00e4rung genannten Zwecken. Eine \u00dcbermittlung Ihrer pers\u00f6nlichen Daten an Dritte zu anderen als den genannten Zwecken findet nicht statt. Wir geben Ihre pers\u00f6nlichen Daten nur an Dritte weiter, wenn:<\/span><\/p><p style=\"padding-left: 40px;\"><span style=\"color: #575752; font-family: arial, helvetica, sans-serif; font-size: 16px;\">Sie Ihre ausdr\u00fcckliche Einwilligung dazu erteilt haben, <\/span><br \/><span style=\"color: #575752; font-family: arial, helvetica, sans-serif; font-size: 16px;\">die Verarbeitung zur Abwicklung eines Vertrags mit Ihnen erforderlich ist, <\/span><br \/><span style=\"color: #575752; font-family: arial, helvetica, sans-serif; font-size: 16px;\">die Verarbeitung zur Erf\u00fcllung einer rechtlichen Verpflichtung erforderlich ist,<\/span><br \/><span style=\"color: #575752; font-family: arial, helvetica, sans-serif; font-size: 16px;\">die Verarbeitung zur Wahrung berechtigter Interessen erforderlich ist und kein Grund zur Annahme besteht, dass Sie ein \u00fcberwiegendes schutzw\u00fcrdiges Interesse an der Nichtweitergabe Ihrer Daten haben.<\/span><\/p><p style=\"text-align: justify;\"><span style=\"color: #575752; font-family: arial, helvetica, sans-serif; font-size: 16px;\">Die Verarbeitung Ihrer personenbezogenen Daten basiert auf unserem berechtigten Interesse aus den vorgenannten Zwecken zur Datenerhebung. Wir verwenden Ihre Daten nicht, um R\u00fcckschl\u00fcsse auf Ihre Person zu ziehen. Empf\u00e4nger der Daten sind nur die verantwortliche Stelle und ggf. Auftragsverarbeiter.<\/span><br \/><span style=\"color: #575752; font-family: arial, helvetica, sans-serif; font-size: 16px;\">Anonyme Informationen dieser Art werden von uns ggfs. statistisch ausgewertet, um unseren Internetauftritt und die dahinterstehende Technik zu optimieren.<\/span><\/p><p style=\"text-align: justify;\"><span style=\"color: #575752; font-family: arial, helvetica, sans-serif; font-size: 20px;\">Erfassung allgemeiner Informationen beim Besuch unserer Website Cookies.<\/span><br \/><span style=\"color: #575752; font-family: arial, helvetica, sans-serif; font-size: 16px;\">Die Internetseiten verwenden teilweise so genannte Cookies. Cookies richten auf Ihrem Rechner keinen Schaden an und enthalten keine Viren. Cookies dienen dazu, unser Angebot nutzerfreundlicher, effektiver und sicherer zu machen. Cookies sind kleine Textdateien, die auf Ihrem Rechner abgelegt werden und die Ihr Browser speichert.<\/span><br \/><span style=\"color: #575752; font-family: arial, helvetica, sans-serif; font-size: 16px;\">Die meisten der von uns verwendeten Cookies sind so genannte \u201cSession-Cookies\u201d. Sie werden nach Ende Ihres Besuchs automatisch gel\u00f6scht. Andere Cookies bleiben auf Ihrem Endger\u00e4t gespeichert bis Sie diese l\u00f6schen. Diese Cookies erm\u00f6glichen es uns, Ihren Browser beim n\u00e4chsten Besuch wiederzuerkennen.<\/span><br \/><span style=\"color: #575752; font-family: arial, helvetica, sans-serif; font-size: 16px;\">Sie k\u00f6nnen Ihren Browser so einstellen, dass Sie \u00fcber das Setzen von Cookies informiert werden und Cookies nur im Einzelfall erlauben, die Annahme von Cookies f\u00fcr bestimmte F\u00e4lle oder generell ausschlie\u00dfen sowie das automatische L\u00f6schen der Cookies beim Schlie\u00dfen des Browser aktivieren. Bei der Deaktivierung von Cookies kann die Funktionalit\u00e4t dieser Website eingeschr\u00e4nkt sein.<\/span><br \/><span style=\"color: #575752; font-family: arial, helvetica, sans-serif; font-size: 16px;\">Cookies, die zur Durchf\u00fchrung des elektronischen Kommunikationsvorgangs oder zur Bereitstellung bestimmter, von Ihnen erw\u00fcnschter Funktionen (z.B. Warenkorbfunktion) erforderlich sind, werden auf Grundlage von Art. 6 Abs. 1 lit. f DSGVO gespeichert. Der Websitebetreiber hat ein berechtigtes Interesse an der Speicherung von Cookies zur technisch fehlerfreien und optimierten Bereitstellung seiner Dienste. Soweit andere Cookies (z.B. Cookies zur Analyse Ihres Surfverhaltens) gespeichert werden, werden diese in dieser Datenschutzerkl\u00e4rung gesondert behandelt.<\/span><\/p><p><span style=\"color: #575752; font-family: arial, helvetica, sans-serif; font-size: 20px;\">Server-Log-Dateien.<\/span><br \/><span style=\"color: #575752; font-family: arial, helvetica, sans-serif; font-size: 16px;\">Der Provider der Seiten erhebt und speichert automatisch Informationen in so genannten Server-Log-Dateien, die Ihr Browser automatisch an uns \u00fcbermittelt. <\/span><br \/><span style=\"color: #575752; font-family: arial, helvetica, sans-serif; font-size: 16px;\">Dies sind:<\/span><\/p><p style=\"padding-left: 40px;\"><span style=\"color: #575752; font-family: arial, helvetica, sans-serif; font-size: 16px;\">Browsertyp und Browserversion<\/span><br \/><span style=\"color: #575752; font-family: arial, helvetica, sans-serif; font-size: 16px;\">verwendetes Betriebssystem<\/span><br \/><span style=\"color: #575752; font-family: arial, helvetica, sans-serif; font-size: 16px;\">Referrer URL<\/span><br \/><span style=\"color: #575752; font-family: arial, helvetica, sans-serif; font-size: 16px;\">Hostname des zugreifenden Rechners<\/span><br \/><span style=\"color: #575752; font-family: arial, helvetica, sans-serif; font-size: 16px;\">Uhrzeit der Serveranfrage<\/span><br \/><span style=\"color: #575752; font-family: arial, helvetica, sans-serif; font-size: 16px;\">IP-Adresse<\/span><\/p><p style=\"text-align: justify;\"><span style=\"color: #575752; font-family: arial, helvetica, sans-serif; font-size: 16px;\">Eine Zusammenf\u00fchrung dieser Daten mit anderen Datenquellen wird nicht vorgenommen.<\/span><br \/><span style=\"color: #575752; font-family: arial, helvetica, sans-serif; font-size: 16px;\">Die Erfassung dieser Daten erfolgt auf Grundlage von Art. 6 Abs. 1 lit. f DSGVO. Der Websitebetreiber hat ein berechtigtes Interesse an der technisch fehlerfreien Darstellung und der Optimierung seiner Website \u2013 hierzu m\u00fcssen die Server-Log-Files erfasst werden.<\/span><\/p><p style=\"text-align: justify;\"><span style=\"color: #575752; font-family: arial, helvetica, sans-serif; font-size: 20px;\">Anfrage per E-Mail, Telefon oder Telefax.<\/span><br \/><span style=\"color: #575752; font-family: arial, helvetica, sans-serif; font-size: 16px;\">Wenn Sie uns per E-Mail, Telefon oder Telefax kontaktieren, wird Ihre Anfrage inklusive aller daraus hervorgehenden personenbezogenen Daten (Name, Anfrage) zum Zwecke der Bearbeitung Ihres Anliegens bei uns gespeichert und verarbeitet. Diese Daten geben wir nicht ohne Ihre Einwilligung weiter.<\/span><br \/><span style=\"color: #575752; font-family: arial, helvetica, sans-serif; font-size: 16px;\">Die Verarbeitung dieser Daten erfolgt auf Grundlage von Art. 6 Abs. 1 lit. b DSGVO, sofern Ihre Anfrage mit der Erf\u00fcllung eines Vertrags zusammenh\u00e4ngt oder zur Durchf\u00fchrung vorvertraglicher Ma\u00dfnahmen erforderlich ist. In allen \u00fcbrigen F\u00e4llen beruht die Verarbeitung auf Ihrer Einwilligung (Art. 6 Abs. 1 lit. a DSGVO) und \/ oder auf unseren berechtigten Interessen (Art. 6 Abs. 1 lit. f DSGVO), da wir ein berechtigtes Interesse an der effektiven Bearbeitung der an uns gerichteten Anfragen haben.<\/span><br \/><span style=\"color: #575752; font-family: arial, helvetica, sans-serif; font-size: 16px;\">Die von Ihnen an uns per von Kontaktanfragen \u00fcbersandten Daten verbleiben bei uns, bis Sie uns zur L\u00f6schung auffordern, Ihre Einwilligung zur Speicherung widerrufen oder der Zweck f\u00fcr die Datenspeicherung entf\u00e4llt (z. B. nach abgeschlossener Bearbeitung Ihres Anliegens). Zwingende gesetzliche Bestimmungen \u2013 insbesondere gesetzliche Aufbewahrungsfristen \u2013 bleiben unber\u00fchrt.<\/span><\/p><p style=\"text-align: justify;\"><span style=\"color: #575752; font-family: arial, helvetica, sans-serif; font-size: 20px;\">L\u00f6schung bzw. Sperrung der Daten.<\/span><br \/><span style=\"color: #575752; font-family: arial, helvetica, sans-serif; font-size: 16px;\">Wir halten uns an die Grunds\u00e4tze der Datenvermeidung und Datensparsamkeit. Wir speichern Ihre personenbezogenen Daten daher nur so lange, wie dies zur Erreichung der hier genannten Zwecke erforderlich ist oder wie es die vom Gesetzgeber vorgesehenen vielf\u00e4ltigen Speicherfristen vorsehen. Nach Fortfall des jeweiligen Zweckes bzw. Ablauf dieser Fristen werden die entsprechenden Daten routinem\u00e4\u00dfig und entsprechend den gesetzlichen Vorschriften gesperrt oder gel\u00f6scht.<\/span><\/p><p style=\"text-align: justify;\"><span style=\"color: #575752; font-family: arial, helvetica, sans-serif; font-size: 20px;\">SSL- bzw. TLS-Verschl\u00fcsselung.<\/span><br \/><span style=\"color: #575752; font-family: arial, helvetica, sans-serif; font-size: 16px;\">Diese Seite nutzt aus Sicherheitsgr\u00fcnden und zum Schutz der \u00dcbertragung vertraulicher Inhalte, wie zum Beispiel Bestellungen oder Anfragen, die Sie an uns als Seitenbetreiber senden, eine SSL-bzw. TLS-Verschl\u00fcsselung. Eine verschl\u00fcsselte Verbindung erkennen Sie daran, dass die Adresszeile des Browsers von \u201chttp:\/\/\u201d auf \u201chttps:\/\/\u201d wechselt und an dem Schloss-Symbol in Ihrer Browserzeile. Wenn die SSL- bzw. TLS-Verschl\u00fcsselung aktiviert ist, k\u00f6nnen die Daten, die Sie an uns \u00fcbermitteln, nicht von Dritten mitgelesen werden.<\/span><\/p><p style=\"text-align: justify;\"><span style=\"color: #000000; font-family: arial, helvetica, sans-serif; font-size: 20px;\">Verwendung von Google <span style=\"color: #575752;\">Maps.<\/span><\/span><br \/><span style=\"color: #000000; font-family: arial, helvetica, sans-serif; font-size: 16px;\"><span style=\"color: #575752;\">Diese Webseite verwendet Google Maps API, um geographische Informationen visuell darzustellen. Bei der Nutzung von Google Maps werden von Google auch Daten \u00fcber die Nutzung der Kartenfunktionen durch Besucher erhoben, verarbeitet und genutzt. N\u00e4here Informationen \u00fcber die Datenverarbeitung durch Google k\u00f6nnen Sie den<\/span> <a style=\"color: #000000;\" href=\"https:\/\/policies.google.com\/privacy?hl=de\"><span style=\"color: #0000ff;\">Google-Datenschutzhinweisen<\/span><\/a> <span style=\"color: #575752;\">entnehmen. Dort k\u00f6nnen Sie im Datenschutzcenter auch Ihre pers\u00f6nlichen Datenschutz-Einstellungen ver\u00e4ndern.<\/span><\/span><br \/><span style=\"color: #000000; font-family: arial, helvetica, sans-serif; font-size: 16px;\"><span style=\"color: #575752;\">Ausf\u00fchrliche Anleitungen zur Verwaltung der eigenen Daten im Zusammenhang mit Google-Produkten<\/span><span style=\"color: #0000ff;\"> <a style=\"color: #0000ff;\" href=\"https:\/\/support.google.com\/accounts\/answer\/3024190\">finden Sie hier<\/a>.<br \/><br \/><\/span><\/span><span style=\"color: #575752; font-family: arial, helvetica, sans-serif; font-size: 16px;\"><span style=\"font-size: 20px;\">\u00c4nderung unserer Datenschutzbestimmungen.<br \/><\/span>Wir behalten uns vor, diese Datenschutzerkl\u00e4rung anzupassen, damit sie stets den aktuellen rechtlichen Anforderungen entspricht oder um \u00c4nderungen unserer Leistungen in der Datenschutzerkl\u00e4rung umzusetzen, z.B. bei der Einf\u00fchrung neuer Services. F\u00fcr Ihren erneuten Besuch gilt dann die neue Datenschutzerkl\u00e4rung.<\/span><br \/><span style=\"color: #000000; font-family: arial, helvetica, sans-serif; font-size: 16px;\"><span style=\"color: #575752;\">Fragen an den Datenschutzbeauftragten Wenn Sie Fragen zum Datenschutz haben, schreiben Sie uns bitte eine E-Mail<\/span> <span style=\"color: #0000ff;\"><a style=\"color: #0000ff;\" href=\"mailto:info@kgv-rheydt-guedderath.de\">info@kgv-rheydt-guedderath.de<\/a><\/span><\/span><br \/><span style=\"color: #000000; font-family: arial, helvetica, sans-serif; font-size: 16px;\"><span style=\"color: #575752;\">Die Datenschutzerkl\u00e4rung wurde mit dem Datenschutzerkl\u00e4rungs-Generator der<\/span> <span style=\"color: #0000ff;\"><a style=\"color: #0000ff;\" href=\"https:\/\/www.activemind.de\">activeMind AG<\/a><\/span> <span style=\"color: #575752;\">erstellt.<\/span><\/span><\/p>\t\t\t\t\t\t\t\t<\/div>\n\t\t\t\t<\/div>\n\t\t\t\t\t<\/div>\n\t\t<\/div>\n\t\t\t\t<div class=\"elementor-column elementor-col-16 elementor-top-column elementor-element elementor-element-d3061e0\" data-id=\"d3061e0\" data-element_type=\"column\" data-e-type=\"column\">\n\t\t\t<div class=\"elementor-widget-wrap\">\n\t\t\t\t\t\t\t<\/div>\n\t\t<\/div>\n\t\t\t\t\t<\/div>\n\t\t<\/section>\n\t\t\t\t<\/div>\n\t\t","protected":false},"excerpt":{"rendered":"<p>Datenschutz Datenschutzerkl\u00e4rung. Verantwortliche Stelle im Sinne der Datenschutzgesetze, insbesondere der EU-Datenschutzgrundverordnung (DSGVO), ist: Kleing\u00e4rtnerverein Rheydt-G\u00fcdderath e.V. Konnental 5 41199 M\u00f6nchengladbach Tel.: 02166 681773 E-Mail: info@kgv-rheydt-guedderath.de Verantwortliche Stelle ist die nat\u00fcrliche oder juristische Person, die allein oder gemeinsam mit anderen \u00fcber die Zwecke und Mittel der Verarbeitung von personenbezogenen Daten (z.B. Namen, E-Mail-Adressen o. \u00c4.) entscheidet. &#8230; <a title=\"Datenschutz\" class=\"read-more\" href=\"https:\/\/kgv-rheydt-guedderath.de\/wordpress\/index.php\/datenschutz\/\" aria-label=\"Mehr Informationen \u00fcber Datenschutz\">Weiterlesen<\/a><\/p>\n","protected":false},"author":1,"featured_media":556,"parent":0,"menu_order":0,"comment_status":"closed","ping_status":"closed","template":"","meta":{"footnotes":""},"class_list":["post-57","page","type-page","status-publish","has-post-thumbnail"],"aioseo_notices":[],"_links":{"self":[{"href":"https:\/\/kgv-rheydt-guedderath.de\/wordpress\/index.php\/wp-json\/wp\/v2\/pages\/57","targetHints":{"allow":["GET"]}}],"collection":[{"href":"https:\/\/kgv-rheydt-guedderath.de\/wordpress\/index.php\/wp-json\/wp\/v2\/pages"}],"about":[{"href":"https:\/\/kgv-rheydt-guedderath.de\/wordpress\/index.php\/wp-json\/wp\/v2\/types\/page"}],"author":[{"embeddable":true,"href":"https:\/\/kgv-rheydt-guedderath.de\/wordpress\/index.php\/wp-json\/wp\/v2\/users\/1"}],"replies":[{"embeddable":true,"href":"https:\/\/kgv-rheydt-guedderath.de\/wordpress\/index.php\/wp-json\/wp\/v2\/comments?post=57"}],"version-history":[{"count":0,"href":"https:\/\/kgv-rheydt-guedderath.de\/wordpress\/index.php\/wp-json\/wp\/v2\/pages\/57\/revisions"}],"wp:featuredmedia":[{"embeddable":true,"href":"https:\/\/kgv-rheydt-guedderath.de\/wordpress\/index.php\/wp-json\/wp\/v2\/media\/556"}],"wp:attachment":[{"href":"https:\/\/kgv-rheydt-guedderath.de\/wordpress\/index.php\/wp-json\/wp\/v2\/media?parent=57"}],"curies":[{"name":"wp","href":"https:\/\/api.w.org\/{rel}","templated":true}]}}